{"version":"1.0","provider_name":"Korn Le Bars","provider_url":"https:\/\/kornlebars.fr","author_name":"admin3941","author_url":"https:\/\/kornlebars.fr\/index.php\/author\/admin3941\/","title":"Po\u00e8me 1.6 : Le phare de la for\u00eat. - Korn Le Bars","type":"rich","width":600,"height":338,"html":"<blockquote class=\"wp-embedded-content\" data-secret=\"3RKIPfQyCh\"><a href=\"https:\/\/kornlebars.fr\/index.php\/2024\/07\/23\/poeme-1-6-le-phare-de-la-foret\/\">Po\u00e8me 1.6 : Le phare de la for\u00eat.<\/a><\/blockquote><iframe sandbox=\"allow-scripts\" security=\"restricted\" src=\"https:\/\/kornlebars.fr\/index.php\/2024\/07\/23\/poeme-1-6-le-phare-de-la-foret\/embed\/#?secret=3RKIPfQyCh\" width=\"600\" height=\"338\" title=\"\u00ab\u00a0Po\u00e8me 1.6 : Le phare de la for\u00eat.\u00a0\u00bb &#8212; Korn Le Bars\" data-secret=\"3RKIPfQyCh\" frameborder=\"0\" marginwidth=\"0\" marginheight=\"0\" scrolling=\"no\" class=\"wp-embedded-content\"><\/iframe><script>\n\/*! This file is auto-generated *\/\n!function(d,l){\"use strict\";l.querySelector&&d.addEventListener&&\"undefined\"!=typeof URL&&(d.wp=d.wp||{},d.wp.receiveEmbedMessage||(d.wp.receiveEmbedMessage=function(e){var t=e.data;if((t||t.secret||t.message||t.value)&&!\/[^a-zA-Z0-9]\/.test(t.secret)){for(var s,r,n,a=l.querySelectorAll('iframe[data-secret=\"'+t.secret+'\"]'),o=l.querySelectorAll('blockquote[data-secret=\"'+t.secret+'\"]'),c=new RegExp(\"^https?:$\",\"i\"),i=0;i<o.length;i++)o[i].style.display=\"none\";for(i=0;i<a.length;i++)s=a[i],e.source===s.contentWindow&&(s.removeAttribute(\"style\"),\"height\"===t.message?(1e3<(r=parseInt(t.value,10))?r=1e3:~~r<200&&(r=200),s.height=r):\"link\"===t.message&&(r=new URL(s.getAttribute(\"src\")),n=new URL(t.value),c.test(n.protocol))&&n.host===r.host&&l.activeElement===s&&(d.top.location.href=t.value))}},d.addEventListener(\"message\",d.wp.receiveEmbedMessage,!1),l.addEventListener(\"DOMContentLoaded\",function(){for(var e,t,s=l.querySelectorAll(\"iframe.wp-embedded-content\"),r=0;r<s.length;r++)(t=(e=s[r]).getAttribute(\"data-secret\"))||(t=Math.random().toString(36).substring(2,12),e.src+=\"#?secret=\"+t,e.setAttribute(\"data-secret\",t)),e.contentWindow.postMessage({message:\"ready\",secret:t},\"*\")},!1)))}(window,document);\n\/\/# sourceURL=https:\/\/kornlebars.fr\/wp-includes\/js\/wp-embed.min.js\n<\/script>\n","thumbnail_url":"http:\/\/kornlebars.fr\/wp-content\/uploads\/2024\/07\/6-4.jpg","thumbnail_width":200,"thumbnail_height":200,"description":"Po\u00e8me 6 : Le phare de la for\u00eat. Po\u00e8me 6 Je marche dans la nuit, en pleine obscurit\u00e9,Et le chant des lumi\u00e8res pourpres s\u2019est \u00e9vapor\u00e9. \u00a0 Au loin, un phare \u00e9claire les sentiers.Je me mets \u00e0 courir pour l\u2019attraper. \u00a0 Et son souvenir se met \u00e0 fondre.Des milliers de grains de sable tombent sur son&hellip; Poursuivre la lecture Sans titre"}